{"id":56,"date":"2021-09-08T11:19:18","date_gmt":"2021-09-08T14:19:18","guid":{"rendered":"https:\/\/cbhbaixoparanaiba.meioambiente.go.gov.br\/?page_id=56"},"modified":"2026-01-15T14:45:57","modified_gmt":"2026-01-15T17:45:57","slug":"mocoes","status":"publish","type":"page","link":"https:\/\/cbhbaixoparanaiba.meioambiente.go.gov.br\/?page_id=56","title":{"rendered":"Atas"},"content":{"rendered":"\n<div class=\"wp-block-atomic-blocks-ab-accordion ab-block-accordion ab-font-size-20\"><details><summary class=\"ab-accordion-title\">Ordin\u00e1rias<\/summary><div class=\"ab-accordion-text\">\n<div class=\"wp-block-atomic-blocks-ab-accordion ab-block-accordion\"><details><summary class=\"ab-accordion-title\">2025<\/summary><div class=\"ab-accordion-text\">\n<p class=\"has-small-font-size\"><a href=\"https:\/\/cbhbaixoparanaiba.meioambiente.go.gov.br\/wp-content\/uploads\/2025\/07\/ATA_da_36a_Reunia\u0303o_Ordina\u0301ria_do_CBH_Baixo_Paranai\u0301ba.pdf\" data-type=\"link\" data-id=\"https:\/\/cbhbaixoparanaiba.meioambiente.go.gov.br\/wp-content\/uploads\/2025\/07\/ATA_da_36a_Reunia\u0303o_Ordina\u0301ria_do_CBH_Baixo_Paranai\u0301ba.pdf\"><strong>ATA &#8211; 36\u00aa REUNI\u00c3O ORDIN\u00c1RIA DO CBH <\/strong>&#8211; Elei\u00e7\u00e3o para Presidente do CBH Baixo Parana\u00edba &#8211; Aprecia\u00e7\u00e3o e delibera\u00e7\u00e3o sobre o Plano de Aplica\u00e7\u00e3o Plurianual (PAP) dos recursos origin\u00e1rios da cobran\u00e7a pelo uso de recursos h\u00eddricos de dom\u00ednio estadual na Bacia Hidrogr\u00e1fica dos Afluentes Goianos do Baixo Parana\u00edba &#8211; CBH Baixo Parana\u00edba.<\/a><\/p>\n<\/div><\/details><\/div>\n\n\n\n<div class=\"wp-block-atomic-blocks-ab-accordion ab-block-accordion\"><details><summary class=\"ab-accordion-title\">2024<\/summary><div class=\"ab-accordion-text\">\n<p class=\"has-small-font-size\"><a href=\"https:\/\/cbhbaixoparanaiba.meioambiente.go.gov.br\/wp-content\/uploads\/2025\/03\/ATA-35a-Reuniao-Ordinaria-Baixo-Parnaiba-revisada.pdf\" data-type=\"link\" data-id=\"https:\/\/cbhbaixoparanaiba.meioambiente.go.gov.br\/wp-content\/uploads\/2025\/03\/ATA-35a-Reuniao-Ordinaria-Baixo-Parnaiba-revisada.pdf\"><strong>ATA &#8211; 35\u00aa REUNI\u00c3O ORDIN\u00c1RIA DO CBH <\/strong>&#8211; Aprova\u00e7\u00e3o da Ata da 34\u00aa Reuni\u00e3o Ordin\u00e1ria e Ata da 8\u00aa Reuni\u00e3o Extraordin\u00e1ria do CBH Baixo Parana\u00edba &#8211; Apresenta\u00e7\u00e3o do Resultado do 1\u00ba ciclo de Avalia\u00e7\u00e3o da implementa\u00e7\u00e3o do Plano de Bacia &#8211; Alan Mosele Tonin &#8211; Gepac\/SEMAD.<\/a><\/p>\n\n\n\n<p class=\"has-small-font-size\"><a href=\"https:\/\/cbhbaixoparanaiba.meioambiente.go.gov.br\/wp-content\/uploads\/2024\/12\/ATA-34a-REUNIAO-ORDINARIA-CBH-BAIXO-P.pdf\" data-type=\"link\" data-id=\"https:\/\/cbhbaixoparanaiba.meioambiente.go.gov.br\/wp-content\/uploads\/2024\/12\/ATA-34a-REUNIAO-ORDINARIA-CBH-BAIXO-P.pdf\"><strong>ATA &#8211; 34\u00aa REUNI\u00c3O ORDIN\u00c1RIA DO CBH <\/strong>&#8211; Apresenta\u00e7\u00e3o do Superintendente de Recursos H\u00eddricos e Informa\u00e7\u00f5es Ambientais &#8211; Alberonaldo Lima Alves, Apresenta\u00e7\u00e3o do progn\u00f3stico clim\u00e1tico para 2024 \u2013 Andr\u00e9 de Oliveira Amorim &#8211; Centro de Informa\u00e7\u00f5es Meteorol\u00f3gicas e Hidrol\u00f3gicas de Goi\u00e1s (Cimehgo)<\/a><\/p>\n\n\n\n<p class=\"has-small-font-size\"><\/p>\n\n\n\n<p class=\"has-small-font-size\"><\/p>\n<\/div><\/details><\/div>\n\n\n\n<div class=\"wp-block-atomic-blocks-ab-accordion ab-block-accordion\"><details><summary class=\"ab-accordion-title\">2023<\/summary><div class=\"ab-accordion-text\">\n<p class=\"has-small-font-size\"><a href=\"https:\/\/cbhbaixoparanaiba.meioambiente.go.gov.br\/wp-content\/uploads\/2023\/12\/Minuta-33\u00b0-RO-Baixo-Paranaiba-2023.pdf\" data-type=\"link\" data-id=\"https:\/\/cbhbaixoparanaiba.meioambiente.go.gov.br\/wp-content\/uploads\/2023\/12\/Minuta-33\u00b0-RO-Baixo-Paranaiba-2023.pdf\"><strong>ATA &#8211; 33\u00aa REUNI\u00c3O ORDIN\u00c1RIA DO CBH <\/strong>&#8211; Apresenta\u00e7\u00e3o do Processo de integra\u00e7\u00e3o dos CBHs Afluentes Goianos para Revis\u00e3o<br>18 do Plano do CBH Parana\u00edba \u2013 Jo\u00e3o Ricardo Raiser \u2013 SEMAD\/Presidente CBH 19 Parana\u00edba.<\/a><\/p>\n<\/div><\/details><\/div>\n\n\n\n<div class=\"wp-block-atomic-blocks-ab-accordion ab-block-accordion\"><details><summary class=\"ab-accordion-title\">2022<\/summary><div class=\"ab-accordion-text\">\n<p class=\"has-small-font-size\"><a href=\"https:\/\/cbhbaixoparanaiba.meioambiente.go.gov.br\/wp-content\/uploads\/2023\/12\/ATA-32a-Reuniao-Ordinaria.pdf\" data-type=\"link\" data-id=\"https:\/\/cbhbaixoparanaiba.meioambiente.go.gov.br\/wp-content\/uploads\/2023\/12\/ATA-32a-Reuniao-Ordinaria.pdf\"><strong>ATA &#8211; 32\u00aa REUNI\u00c3O ORDIN\u00c1RIA DO CBH <\/strong>&#8211; Item 1. Abertura da 32\u00aa Reuni\u00e3o Ordin\u00e1ria do Comit\u00ea de Bacias Hidrogr\u00e1ficas dos Afluentes Goianos do Baixo Parana\u00edba &#8211; CBH Baixo Parana\u00edba. Item 2. Aprova\u00e7\u00e3o da Ata da 31\u00aa Reuni\u00e3o Ordin\u00e1ria. Item 3. Aprova\u00e7\u00e3o da Agenda de Reuni\u00f5es Ordin\u00e1rias. Item 4. Apresenta\u00e7\u00e3o do Sr. Marcelo Martins Sales &#8211; Gerente de Acompanhamento de P\u00f3s Outorga e Seguran\u00e7a de Barragens &#8211; Tema: Pol\u00edtica Estadual de Seguran\u00e7a de Barragem.<\/a><\/p>\n\n\n\n<p class=\"has-small-font-size\"><a rel=\"noreferrer noopener\" href=\"https:\/\/cbhbaixoparanaiba.meioambiente.go.gov.br\/wp-content\/uploads\/2022\/11\/ATA-31a-Reuniao-ORDINARIA-2022-Assinada.pdf\" data-type=\"URL\" data-id=\"https:\/\/cbhbaixoparanaiba.meioambiente.go.gov.br\/wp-content\/uploads\/2022\/11\/ATA-31a-Reuniao-ORDINARIA-2022-Assinada.pdf\" target=\"_blank\"><strong>ATA &#8211; 31\u00aa REUNI\u00c3O ORDIN\u00c1RIA DO CBH<\/strong> &#8211; Abertura da 31a Reuni\u00e3o Ordin\u00e1ria do CBH BAIXO PARANAiBA; Apresenta\u00e7\u00e3o e elucida\u00e7\u00e3o diante das atribui\u00e7\u00f3es de um Comit\u00ea de Bacia Hidrogr\u00e1fica; Defini\u00e7\u00e3o do Relat\u00f3rio Anual de Atividades 2021 PROCOMIT\u00caS; Defini\u00e7\u00e3o\/Aprova\u00e7\u00e1o do Plano Anual de Atividades 2022 PROCOMIT\u00caS; Apresenta\u00e7\u00e3o da Discuss\u00e3o Referente a Implementa\u00e7\u00e3o da Cobran\u00e7a pelo uso da \u00c1gua no Estado de Goi\u00e1s; informes gerais; encerramento.<\/a><\/p>\n<\/div><\/details><\/div>\n\n\n\n<div class=\"wp-block-atomic-blocks-ab-accordion ab-block-accordion\"><details><summary class=\"ab-accordion-title\">2021<\/summary><div class=\"ab-accordion-text\">\n<p class=\"has-small-font-size\"><a rel=\"noreferrer noopener\" href=\"https:\/\/cbhbaixoparanaiba.meioambiente.go.gov.br\/wp-content\/uploads\/2022\/03\/ATA-30o-Reuniao-Ordinaria-2021-Baixo-P.pdf\" data-type=\"URL\" data-id=\"https:\/\/cbhbaixoparanaiba.meioambiente.go.gov.br\/wp-content\/uploads\/2022\/03\/ATA-30o-Reuniao-Ordinaria-2021-Baixo-P.pdf\" target=\"_blank\"><strong>ATA &#8211; 30\u00aa REUNI\u00c3O ORDIN\u00c1RIA DO CBH<\/strong> &#8211; Abertura da sessao e verifica\u00e7\u00e3o de qu\u00f3rum; Aprova\u00e7ao das Atas da 4a e 5a ReuniOes Extraordin\u00e1rias do CBH Baixo Parana\u00edba; Elei\u00e7ao de renova\u00e7\u00e3o da Diretoria do Comit\u00ea de Bacia Hidrogr\u00e1fica do Baixo<br>Parana\u00edba, para a Gestao 2021\/2023; informes gerais; encerramento.<\/a><\/p>\n\n\n\n<p class=\"has-small-font-size\"><a rel=\"noreferrer noopener\" href=\"https:\/\/cbhbaixoparanaiba.meioambiente.go.gov.br\/wp-content\/uploads\/2022\/03\/ATA-29a-Reuniao-Ordinaria-CBH-Baixo-Paranaiba-17-02-2021.pdf\" data-type=\"URL\" data-id=\"https:\/\/cbhbaixoparanaiba.meioambiente.go.gov.br\/wp-content\/uploads\/2022\/03\/ATA-29a-Reuniao-Ordinaria-CBH-Baixo-Paranaiba-17-02-2021.pdf\" target=\"_blank\"><strong>ATA &#8211; 29\u00aa REUNI\u00c3O ORDIN\u00c1RIA DO CBH<\/strong> &#8211; Abertura da sessao e verifica\u00e7\u00e3o de qu\u00f3rum; aprova\u00e7\u00e3o das Atas da 28a Reuni\u00e3o Ordin\u00e1ria e Ia Reuni\u00e3o Extraordin\u00e1ria do CBH dos afluentes Goianos do baixo Parana\u00edba;Aprecia\u00e7\u00e3o e Aprova\u00e7\u00e3o da Agenda de Reuni\u00f5es do CBH para o ano de 2021;&nbsp; informes gerais; encerramento.<\/a><\/p>\n<\/div><\/details><\/div>\n\n\n\n<div class=\"wp-block-atomic-blocks-ab-accordion ab-block-accordion\"><details><summary class=\"ab-accordion-title\">2020<\/summary><div class=\"ab-accordion-text\">\n<p class=\"has-small-font-size\"><a rel=\"noreferrer noopener\" href=\"https:\/\/cbhbaixoparanaiba.meioambiente.go.gov.br\/wp-content\/uploads\/2022\/03\/Ata-da-28a-Reuniao-Ordinaria-CBH-B-Paranaiba-12-11-20.pdf\" data-type=\"URL\" data-id=\"https:\/\/cbhbaixoparanaiba.meioambiente.go.gov.br\/wp-content\/uploads\/2022\/03\/Ata-da-28a-Reuniao-Ordinaria-CBH-B-Paranaiba-12-11-20.pdf\" target=\"_blank\"><strong>ATA &#8211; 28\u00aa REUNI\u00c3O ORDIN\u00c1RIA DO CBH<\/strong> &#8211; Abertura da sessao e verifica\u00e7\u00e3o de qu\u00f3rum; Ordem do dia: Aprova\u00e7\u00e3o das Atas da 24a, 26a e 27a Reuni\u00f5es Ordin\u00e1rias; Aprecia\u00e7\u00e3o e Aprova\u00e7\u00e3o do Plano de Capacita\u00e7\u00e3o; Aprecia\u00e7\u00e3o e Aprova\u00e7\u00e3o do Plano de comunica\u00e7\u00e3o; informes gerais; encerramento.<\/a><\/p>\n\n\n\n<p class=\"has-small-font-size\"><a rel=\"noreferrer noopener\" href=\"https:\/\/cbhbaixoparanaiba.meioambiente.go.gov.br\/wp-content\/uploads\/2022\/03\/Ata-da-27a-Reuniao-Ordinaria-CBH-Baixo-Paranaiba.pdf\" data-type=\"URL\" data-id=\"https:\/\/cbhbaixoparanaiba.meioambiente.go.gov.br\/wp-content\/uploads\/2022\/03\/Ata-da-27a-Reuniao-Ordinaria-CBH-Baixo-Paranaiba.pdf\" target=\"_blank\"><strong>ATA &#8211; 27\u00aa REUNI\u00c3O ORDIN\u00c1RIA DO CBH<\/strong> &#8211; Abertura da sessao e verifica\u00e7\u00e3o de qu\u00f3rum; Ordem do dia: Apresenta\u00e7\u00e3o do Produto 3 (Progn\u00f3stico dos Recursos H\u00eddricos das UPGRH&#8217;s). A Superintend\u00eancia de Recursos H\u00eddricos e Saneamento da SEMAD e os Professores da Escola de Engenharia Civil e Ambiental (EECA) da UFG apresentar\u00e3o o Produto 3 do Plano de Recursos H\u00eddricos (PBAP-GO) atrav\u00e9s da Plataforma ZOOM; informes gerais; encerramento.<\/a><\/p>\n\n\n\n<p class=\"has-small-font-size\"><a rel=\"noreferrer noopener\" href=\"https:\/\/cbhbaixoparanaiba.meioambiente.go.gov.br\/wp-content\/uploads\/2022\/03\/Ata-da-26a-Reuniao-Ordinaria-CBH-Baixo-Paranaiba.pdf\" data-type=\"URL\" data-id=\"https:\/\/cbhbaixoparanaiba.meioambiente.go.gov.br\/wp-content\/uploads\/2022\/03\/Ata-da-26a-Reuniao-Ordinaria-CBH-Baixo-Paranaiba.pdf\" target=\"_blank\"><strong>ATA &#8211;  26\u00aa REUNI\u00c3O ORDIN\u00c1RIA DO CBH<\/strong> &#8211; Apresenta\u00e7\u00e3o da ATA da 25a Reuni\u00e3o Ordin\u00e1ria para aprecia\u00e7\u00e3o e aprova\u00e7\u00e3o que foi aprovada por unanimidade; Proposta de revis\u00e3o do Regimento Interno, quanto ao n\u00famero de reuni\u00f5es ordin\u00e1rias do CBH Baixo Parana\u00edba; Apresenta\u00e7\u00e3o do Superintende de Recursos H\u00eddricos o Sr. Marco Neves e o Sr. Og Ar\u00e3o Rubert Gerente de Instrumento de Gest\u00e3o; encerramento.<\/a><\/p>\n\n\n\n<p class=\"has-small-font-size\"><a rel=\"noreferrer noopener\" href=\"https:\/\/cbhbaixoparanaiba.meioambiente.go.gov.br\/wp-content\/uploads\/2022\/03\/Ata-da-25a-Reuniao-Ordinaria-CBH-Baixo-Paranaiba.pdf\" data-type=\"URL\" data-id=\"https:\/\/cbhbaixoparanaiba.meioambiente.go.gov.br\/wp-content\/uploads\/2022\/03\/Ata-da-25a-Reuniao-Ordinaria-CBH-Baixo-Paranaiba.pdf\" target=\"_blank\"><strong>ATA &#8211; 25\u00aa REUNI\u00c3O ORDIN\u00c1RIA DO CBH <\/strong>&#8211; Apresenta\u00e7\u00e3o do panorama das metas do Procomit\u00eas, Aprova\u00e7\u00e3o do Relat\u00f3rio de Atividades de 2019 e elabora\u00e7\u00e3o e aprova\u00e7\u00e3o do Plano de Trabalho Anual 2020; Defini\u00e7\u00e3o e aprova\u00e7\u00e3o da agenda de reuni\u00e3o ordin\u00e1rias 2020; Cria\u00e7\u00e3o do GT Regimental; Reativa\u00e7\u00e3o do GT Plano de Bacia; Reativa\u00e7\u00e3o do GT Educa\u00e7\u00e3o Ambiental; encerramento.<\/a><\/p>\n\n\n\n<p class=\"has-small-font-size\"><a rel=\"noreferrer noopener\" href=\"https:\/\/cbhbaixoparanaiba.meioambiente.go.gov.br\/wp-content\/uploads\/2022\/03\/Ata-da-24a-Reuniao-Ordinaria-CBH-Baixo-Paranaiba.pdf\" data-type=\"URL\" data-id=\"https:\/\/cbhbaixoparanaiba.meioambiente.go.gov.br\/wp-content\/uploads\/2022\/03\/Ata-da-24a-Reuniao-Ordinaria-CBH-Baixo-Paranaiba.pdf\" target=\"_blank\"><strong>ATA &#8211; 24\u00aa REUNI\u00c3O ORDIN\u00c1RIA DO CBH<\/strong> &#8211; Apresenta\u00e7\u00e3o do Produto 2 Diagn\u00f3stico do Plano da Bacia Hidrogr\u00e1fica dos Afluentes Goianos do Baixo Parana\u00edba. Funda\u00e7\u00e3o de Apoio \u00e0 Pesquisa da Universidade Federal de Goi\u00e1s \u2014 FUNAPE\/UFG Empresa contratada para a elabora\u00e7\u00e3o do plano de bacia.&nbsp;<\/a><\/p>\n<\/div><\/details><\/div>\n\n\n\n<div class=\"wp-block-atomic-blocks-ab-accordion ab-block-accordion\"><details><summary class=\"ab-accordion-title\">2019<\/summary><div class=\"ab-accordion-text\">\n<p class=\"has-small-font-size\"><a rel=\"noreferrer noopener\" href=\"https:\/\/cbhbaixoparanaiba.meioambiente.go.gov.br\/wp-content\/uploads\/2022\/03\/23a-REUNIAO-OR-CBH-BPARANAIBA.pdf\" data-type=\"URL\" data-id=\"https:\/\/cbhbaixoparanaiba.meioambiente.go.gov.br\/wp-content\/uploads\/2022\/03\/23a-REUNIAO-OR-CBH-BPARANAIBA.pdf\" target=\"_blank\"><strong>ATA &#8211; 23\u00aa REUNI\u00c3O ORDIN\u00c1RIA DO CBH<\/strong> &#8211; Leitura e aprova\u00e7\u00e3o da Ata da 22\u00aa Reuni\u00e3o Ordin\u00e1ria do CBH dos afluentes Goianos do baixo Parana\u00edba; Apresenta\u00e7\u00e3o e Delibera\u00e7\u00e3o do CBH Baixo Parana\u00edba que aprova as normas, procedimentos e crit\u00e9rios para o processo de escolha e indica\u00e7\u00e3o dos&nbsp; membros do Comit\u00ea de Bacia Hidrogr\u00e1fica dos Afluentes Goianos do Baixo Parana\u00edba para a gest\u00e3o 2019-2023; Apresenta\u00e7\u00e3o e Delibera\u00e7\u00e3o sobre o Edital n\u00ba 001\/2019 de convoca\u00e7\u00e3o para Processo Eleitoral de Renova\u00e7\u00e3o dos Membros do Comit\u00ea de Bacia Hidrogr\u00e1fica dos Afluentes Goianos do Baixo Parana\u00edba para a gest\u00e3o 2019-2023;<\/a><\/p>\n\n\n\n<p class=\"has-small-font-size\"><a rel=\"noreferrer noopener\" href=\"https:\/\/cbhbaixoparanaiba.meioambiente.go.gov.br\/wp-content\/uploads\/2022\/03\/22a-REUNIAO-ORDINARIA-CBH-B-PARANAIBA.pdf\" data-type=\"URL\" data-id=\"https:\/\/cbhbaixoparanaiba.meioambiente.go.gov.br\/wp-content\/uploads\/2022\/03\/22a-REUNIAO-ORDINARIA-CBH-B-PARANAIBA.pdf\" target=\"_blank\"><strong>ATA &#8211; 22\u00aa REUNI\u00c3O ORDIN\u00c1RIA DO CBH <\/strong>&#8211; Leitura e aprova\u00e7\u00e3o da Ata da 20\u00aa e 21\u00aa Reuni\u00e3o Ordin\u00e1ria do CBH dos afluentes Goianos do baixo Parana\u00edba; Apresenta\u00e7\u00e3o do projeto Prote\u00e7\u00e3o de&nbsp; Mananciais; Apresenta\u00e7\u00e3o e Aprova\u00e7\u00e3o do Plano do Trabalho Anual 2018\/2018 e Relat\u00f3rio Anual de Atividades 2019; Planejamento do Plano de atividades para 2019, Plano de capacita\u00e7\u00e3o e as demais metas do PROCOMIT\u00ca e PROGEST\u00c3O; Informe sobre o andamento do Plano de Bacia.<\/a><\/p>\n\n\n\n<p class=\"has-small-font-size\"><a rel=\"noreferrer noopener\" href=\"https:\/\/cbhbaixoparanaiba.meioambiente.go.gov.br\/wp-content\/uploads\/2022\/03\/21-Reuniao-Ordinaria-CBH-Baixo-Paranaiba.pdf\" data-type=\"URL\" data-id=\"https:\/\/cbhbaixoparanaiba.meioambiente.go.gov.br\/wp-content\/uploads\/2022\/03\/21-Reuniao-Ordinaria-CBH-Baixo-Paranaiba.pdf\" target=\"_blank\"><strong>ATA &#8211; 21\u00aa REUNI\u00c3O ORDIN\u00c1RIA DO CBH<\/strong> &#8211; Leitura e aprova\u00e7\u00e3o da Ata da 19a Reuni\u00e3o Ordin\u00e1ria do CBH dos afluentes Goianos do baixo Parana\u00edba; Apresenta\u00e7\u00e3o dos projetos dos aproveitamentos hidroel\u00e9tricos do m\u00e9dio Rio Claro; Apresenta\u00e7\u00e3o dos projetos Demanda Espont\u00e2nea &#8211; ABHA;&nbsp;<\/a><\/p>\n\n\n\n<p class=\"has-small-font-size\"><a rel=\"noreferrer noopener\" href=\"https:\/\/cbhbaixoparanaiba.meioambiente.go.gov.br\/wp-content\/uploads\/2022\/03\/20-Reuniao-Ordinaria-CBH-Baixo-Paranaiba.pdf\" data-type=\"URL\" data-id=\"https:\/\/cbhbaixoparanaiba.meioambiente.go.gov.br\/wp-content\/uploads\/2022\/03\/20-Reuniao-Ordinaria-CBH-Baixo-Paranaiba.pdf\" target=\"_blank\"><strong>ATA &#8211; 20\u00aa REUNI\u00c3O ORDIN\u00c1RIA DO CBH<\/strong> &#8211; leitura da Ata da reuni\u00e3o anterior, que foi, por unanimidade aprovada; Entrega do Produto 1 do Plano de Bacia ao CBH-Baixo Parana\u00edba; Apresenta\u00e7\u00e3o sobre \u00c1reas Suscet\u00edveis de Degrada\u00e7\u00e3o e Assoreamento de Corpos H\u00eddricos;<\/a><\/p>\n<\/div><\/details><\/div>\n\n\n\n<div class=\"wp-block-atomic-blocks-ab-accordion ab-block-accordion\"><details><summary class=\"ab-accordion-title\">2018<\/summary><div class=\"ab-accordion-text\">\n<p class=\"has-small-font-size\"><a rel=\"noreferrer noopener\" href=\"https:\/\/cbhbaixoparanaiba.meioambiente.go.gov.br\/wp-content\/uploads\/2022\/03\/19a-ATA-REUNIAO-ORDINARIA.pdf\" data-type=\"URL\" data-id=\"https:\/\/cbhbaixoparanaiba.meioambiente.go.gov.br\/wp-content\/uploads\/2022\/03\/19a-ATA-REUNIAO-ORDINARIA.pdf\" target=\"_blank\"><strong>ATA &#8211; 19\u00aa REUNI\u00c3O ORDINARIA DO CBH <\/strong>&#8211; Leitura e aprova\u00e7\u00e3o da Ata da 18a Reuni\u00e3o Ordin\u00e1ria do CBH Baixo Parana\u00edba; &#8211; Apresenta\u00e7\u00e3o do CBH dos Rios Santana e Apor\u00e9 sobre o andamento de projetos de empreendimentos hidrel\u00e9tricos na Bacia Apor\u00e9, ambos localizados nos munic\u00edpios de Apor\u00e9 e Itaj\u00e1;<\/a><\/p>\n\n\n\n<p class=\"has-small-font-size\"><a rel=\"noreferrer noopener\" href=\"https:\/\/cbhbaixoparanaiba.meioambiente.go.gov.br\/wp-content\/uploads\/2022\/03\/18-Ata-Reuniao-ord-CBH-B-Paranaiba.pdf\" data-type=\"URL\" data-id=\"https:\/\/cbhbaixoparanaiba.meioambiente.go.gov.br\/wp-content\/uploads\/2022\/03\/18-Ata-Reuniao-ord-CBH-B-Paranaiba.pdf\" target=\"_blank\"><strong>ATA &#8211; 18\u00aa REUNI\u00c3O ORDIN\u00c1RIA DO CBH <\/strong>&#8211; Abertura da sess\u00e3o e verifica\u00e7\u00e3o de qu\u00f3rum; Leitura e aprova\u00e7\u00e3o da Ata da 17a Reuni\u00e3o Ordin\u00e1ria do CBH Baixo Parana\u00edba;&nbsp; Reestrutura\u00e7\u00e3o do Grupo de Trabalho Plano de Bacia; Atualiza\u00e7\u00e3o sobre o processo de elabora\u00e7\u00e3o e assinatura do contrato do Plano de Bacia do Baixo Parana\u00edba; Resultado do Encontro Regional &#8220;O Brasil que cuida de suas \u00c1guas: construindo as bases para o Programa Nacional de Revitaliza\u00e7\u00e3o de Bacias Hidrogr\u00e1ficas \u2014 Arco das Nascentes\/Bioma Cerrado&#8221; Informativos Gerais;&nbsp; Encerramento.&nbsp;<\/a><\/p>\n\n\n\n<p class=\"has-small-font-size\"><a rel=\"noreferrer noopener\" href=\"https:\/\/cbhbaixoparanaiba.meioambiente.go.gov.br\/wp-content\/uploads\/2022\/03\/17-Ata-Reuniao-ord-CBH-B-Paranaiba.pdf\" data-type=\"URL\" data-id=\"https:\/\/cbhbaixoparanaiba.meioambiente.go.gov.br\/wp-content\/uploads\/2022\/03\/17-Ata-Reuniao-ord-CBH-B-Paranaiba.pdf\" target=\"_blank\"><strong>ATA &#8211; 17\u00aa REUNI\u00c3O ORDIN\u00c1RIA DO CBH <\/strong>&#8211; Abertura da sess\u00e3o e verifica\u00e7\u00e3o de qu\u00f3rum; Leitura e aprova\u00e7\u00e3o da Ata da 16a Reuni\u00e3o Ordin\u00e1ria do CBH dos Afluentes Goianos do Baixo Parana\u00edba; &#8211; Apresenta\u00e7\u00e3o do novo Superintendente de Recursos H\u00eddricos do Estado de Goi\u00e1s, o Sr. Diogo Louren\u00e7o Segatti;<\/a><\/p>\n\n\n\n<p class=\"has-small-font-size\"><a rel=\"noreferrer noopener\" href=\"https:\/\/cbhbaixoparanaiba.meioambiente.go.gov.br\/wp-content\/uploads\/2022\/03\/16-Ata-Reuniao-ord-CBH-B-Paranaiba.pdf\" data-type=\"URL\" data-id=\"https:\/\/cbhbaixoparanaiba.meioambiente.go.gov.br\/wp-content\/uploads\/2022\/03\/16-Ata-Reuniao-ord-CBH-B-Paranaiba.pdf\" target=\"_blank\"><strong>ATA &#8211; 16\u00aa REUNI\u00c3O ORDIN\u00c1RIA DO CBH <\/strong>&#8211; Abertura da sess\u00e3o e verifica\u00e7\u00e3o de qu\u00f3rum; Leitura e aprova\u00e7\u00e3o das Atas da 14a e 15a Reuni\u00e3o Ordin\u00e1ria do CBH dos Afluentes Goianos do Baixo Parana\u00edba; &#8211; Indica\u00e7\u00e3o de membros para composi\u00e7\u00e3o do F\u00f3rum Goiano; Apresenta\u00e7\u00e3o do Processo Eleitoral do CBH Parana\u00edba (Sra. Cynthia Guerra, Coordenadora de Integra\u00e7\u00e3o &#8211; ABHA \u2014 Gest\u00e3o de \u00c1guas); Informes sobre as metas dos programas pactuados sendo: Programa Nacional de Fortalecimento dos Comit\u00eas de Bacias Hidrogr\u00e1ficas dos Afluentes \u2014 Procomit\u00eas; Informativos Gerais; Encerramento.&nbsp;<\/a><\/p>\n<\/div><\/details><\/div>\n\n\n\n<div class=\"wp-block-atomic-blocks-ab-accordion ab-block-accordion\"><details><summary class=\"ab-accordion-title\">2017<\/summary><div class=\"ab-accordion-text\">\n<p class=\"has-small-font-size\"><a rel=\"noreferrer noopener\" href=\"https:\/\/cbhbaixoparanaiba.meioambiente.go.gov.br\/wp-content\/uploads\/2022\/03\/14a-REUNIAO-OR-CBH-B-PARANAIBA.pdf\" data-type=\"URL\" data-id=\"https:\/\/cbhbaixoparanaiba.meioambiente.go.gov.br\/wp-content\/uploads\/2022\/03\/14a-REUNIAO-OR-CBH-B-PARANAIBA.pdf\" target=\"_blank\"><strong>ATA &#8211; 14\u00aa REUNI\u00c3O ORDIN\u00c1RIA DO CBH <\/strong>&#8211; abertura verifica\u00e7\u00e3o do qu\u00f3rum; leitura da Ata da 13a Reuni\u00e3o Ordin\u00e1ria<\/a><\/p>\n\n\n\n<p class=\"has-small-font-size\"><a rel=\"noreferrer noopener\" href=\"https:\/\/cbhbaixoparanaiba.meioambiente.go.gov.br\/wp-content\/uploads\/2022\/03\/11a-REUNIAO-ORDINARIA-DO-CBH-_-BAIXO-PARANAIBA-1.pdf\" data-type=\"URL\" data-id=\"https:\/\/cbhbaixoparanaiba.meioambiente.go.gov.br\/wp-content\/uploads\/2022\/03\/11a-REUNIAO-ORDINARIA-DO-CBH-_-BAIXO-PARANAIBA-1.pdf\" target=\"_blank\"><strong>ATA &#8211; 11\u00aa REUNI\u00c3O ORDIN\u00c1RIA DO CBH <\/strong>&#8211; Leitura e aprova\u00e7\u00e3o da ATA da 10a Reuni\u00e3o do CBH \u2014 Baixo Parana\u00edba; Apresenta\u00e7\u00e3o do Termo de Refer\u00eancia; Cria\u00e7\u00e3o do Banco de Dados; Contemplar as cidades que sediar\u00e3o as audi\u00eancias p\u00fablicas do plano de bacias; Informativos gerais. Encerramento;<\/a> <\/p>\n<\/div><\/details><\/div>\n\n\n\n<div class=\"wp-block-atomic-blocks-ab-accordion ab-block-accordion\"><details><summary class=\"ab-accordion-title\">2016<\/summary><div class=\"ab-accordion-text\">\n<p class=\"has-small-font-size\"><a rel=\"noreferrer noopener\" href=\"https:\/\/cbhbaixoparanaiba.meioambiente.go.gov.br\/wp-content\/uploads\/2022\/03\/9-ATA-NONA-REUNIAO-OR-CBH-B-PARANAIBA.pdf\" data-type=\"URL\" data-id=\"https:\/\/cbhbaixoparanaiba.meioambiente.go.gov.br\/wp-content\/uploads\/2022\/03\/9-ATA-NONA-REUNIAO-OR-CBH-B-PARANAIBA.pdf\" target=\"_blank\"><strong>ATA &#8211; 9\u00aa REUNI\u00c3O ORDIN\u00c1RIA DO CBH<\/strong> &#8211; Cronograma de atividades dos Grupos de Trabalho; Entrega dos Equipamentos de Inform\u00e1tica ao Comit\u00ea; Pronunciamento dos representantes da SECIMA; Pronunciamento dos membros do Comit\u00ea.<\/a><\/p>\n\n\n\n<p class=\"has-small-font-size\"><a rel=\"noreferrer noopener\" href=\"https:\/\/cbhbaixoparanaiba.meioambiente.go.gov.br\/wp-content\/uploads\/2022\/03\/8-ATA-OITAVA-REUNIAO-ORDINARIA-DO-CBH-BAIXO-PARANAIBA.pdf\" data-type=\"URL\" data-id=\"https:\/\/cbhbaixoparanaiba.meioambiente.go.gov.br\/wp-content\/uploads\/2022\/03\/8-ATA-OITAVA-REUNIAO-ORDINARIA-DO-CBH-BAIXO-PARANAIBA.pdf\" target=\"_blank\"><strong>ATA &#8211; 8\u00aa REUNI\u00c3O ORDIN\u00c1RIA DO CBH<\/strong> &#8211; Leitura e aprova\u00e7\u00e3o da Ata, Aprova\u00e7\u00e3o das portarias para cria\u00e7\u00e3o dos GT&#8217;s, Agendamento de data para a capacita\u00e7\u00e3o dos membros, Alinhamento sobre a substitui\u00e7\u00e3o dos membros que n\u00e3o est\u00e3o participando das reuni\u00f5es.<\/a><\/p>\n\n\n\n<p class=\"has-small-font-size\"><a rel=\"noreferrer noopener\" href=\"https:\/\/cbhbaixoparanaiba.meioambiente.go.gov.br\/wp-content\/uploads\/2022\/03\/7_ATA-SETIMA-REUNIAO-CBH_1.pdf\" data-type=\"URL\" data-id=\"https:\/\/cbhbaixoparanaiba.meioambiente.go.gov.br\/wp-content\/uploads\/2022\/03\/7_ATA-SETIMA-REUNIAO-CBH_1.pdf\" target=\"_blank\"><strong>ATA &#8211; 7\u00aa REUNI\u00c3O ORDIN\u00c1RIA DO CBH<\/strong> &#8211; Leitura e aprova\u00e7\u00e3o da Ata, Forma\u00e7\u00e3o dos GT&#8217;s, Palestra do Sr. Jo\u00e3o Ricardo Raiser (Tema: Gest\u00e3o e Plano de Recursos Hidricos), Visita a Usina Odebrecht Agroindustrial.<\/a><\/p>\n\n\n\n<p class=\"has-small-font-size\"><a rel=\"noreferrer noopener\" href=\"https:\/\/cbhbaixoparanaiba.meioambiente.go.gov.br\/wp-content\/uploads\/2022\/03\/6_ATA-SEXTA-REUNIAO-CBH.pdf\" data-type=\"URL\" data-id=\"https:\/\/cbhbaixoparanaiba.meioambiente.go.gov.br\/wp-content\/uploads\/2022\/03\/6_ATA-SEXTA-REUNIAO-CBH.pdf\" target=\"_blank\"><strong>ATA &#8211; 6\u00aa REUNI\u00c3O ORDIN\u00c1RIA DO CBH <\/strong>&#8211; Leitura e aprova\u00e7\u00e3o da Ata (Reuni\u00e3o do dia 04 de Fevereiro de 2016 realizada em Jatai, Planejamento Estrat\u00e9gico, Plano de Bacia Hidrogr\u00e1fica, Pronunciamento do representante dos empreendimentos hidroel\u00e9tricos do Rio Doce, Momento de pronunciamento dos representantes da SECIMA.<\/a><\/p>\n\n\n\n<p class=\"has-small-font-size\"><a rel=\"noreferrer noopener\" href=\"https:\/\/cbhbaixoparanaiba.meioambiente.go.gov.br\/wp-content\/uploads\/2022\/03\/5_ATA-QUINTA-REUNIAO-CBH.pdf\" data-type=\"URL\" data-id=\"https:\/\/cbhbaixoparanaiba.meioambiente.go.gov.br\/wp-content\/uploads\/2022\/03\/5_ATA-QUINTA-REUNIAO-CBH.pdf\" target=\"_blank\"><strong>ATA &#8211; 5\u00aa REUNI\u00c3O ORDIN\u00c1RIA DO CBH <\/strong>&#8211; Leitura e aprova\u00e7\u00e3o da Ata (Reuni\u00e3o do dia 03 de Dezembro de 2015 realizada em Jatai, Processo Eleitoral do CBH-AGBP, Cobran\u00e7a pelo uso de Recursos H\u00eddricos na Bacia do Parana\u00edba; Gest\u00e3o junto a SECIMA, no sentido de cobrar a\u00e7\u00f5es que ajudem na melhoria da qualidade das \u00e1guas da nossa bacia (como exemplo, coibir assoreamentos e despejo de esgotos); Atualiza\u00e7\u00e3o da planilha de vagas em aberto; Planejamento Estrat\u00e9gico &#8211; Modelo; Apresenta\u00e7\u00e3o: O que \u00e9? E o que faz?; Momento de pronunciamento dos representantes da SECIMA.<\/a><\/p>\n<\/div><\/details><\/div>\n\n\n\n<div class=\"wp-block-atomic-blocks-ab-accordion ab-block-accordion\"><details><summary class=\"ab-accordion-title\">2015<\/summary><div class=\"ab-accordion-text\">\n<p class=\"has-small-font-size\"><a rel=\"noreferrer noopener\" href=\"https:\/\/cbhbaixoparanaiba.meioambiente.go.gov.br\/wp-content\/uploads\/2022\/03\/4_ATA-QUARTA-REUNIAO-CBH.pdf\" data-type=\"URL\" data-id=\"https:\/\/cbhbaixoparanaiba.meioambiente.go.gov.br\/wp-content\/uploads\/2022\/03\/4_ATA-QUARTA-REUNIAO-CBH.pdf\" target=\"_blank\"><strong>ATA &#8211; 4\u00aa REUNI\u00c3O ORDIN\u00c1RIA DO CBH <\/strong>&#8211; Leitura e aprova\u00e7\u00e3o da Ata (Reuni\u00e3o do dia 18 de Agosto de 2015 realizada em Quirin\u00f3polis), Aprova\u00e7\u00e3o da logomarca feita pela Prefeitura de Ca\u00e7u, Cobran\u00e7a da \u00c1gua, Leitura e Aprova\u00e7\u00e3o do Regimento interno, Agenda de Reuni\u00f5es para 2016.<\/a><\/p>\n\n\n\n<p class=\"has-small-font-size\"><a rel=\"noreferrer noopener\" href=\"https:\/\/cbhbaixoparanaiba.meioambiente.go.gov.br\/wp-content\/uploads\/2022\/03\/3_ATA-TERCEIRA-REUNIAO-CBH.pdf\" data-type=\"URL\" data-id=\"https:\/\/cbhbaixoparanaiba.meioambiente.go.gov.br\/wp-content\/uploads\/2022\/03\/3_ATA-TERCEIRA-REUNIAO-CBH.pdf\" target=\"_blank\"><strong>ATA &#8211; 3\u00aa REUNI\u00c3O ORDIN\u00c1RIA DO CBH<\/strong> &#8211; Apresenta\u00e7\u00e3o do Munic\u00edpio de Quirin\u00f3polis; Leitura e aprova\u00e7\u00e3o da ATA da reuni\u00e3o anterior; Preenchimento de Vagas em aberto no Comit\u00ea; Apresenta\u00e7\u00e3o da Logomarca patrocinada pela Prefeitura de Ca\u00e7u; Elabora\u00e7\u00e3o do Plano de Metas; Convite do ENCOB 2015; Preenchimento da lista de n\u00fameros de telefone de WhattsApp;Nome sugerido para cria\u00e7\u00e3o do e-mail do Comit\u00e9.<\/a><\/p>\n\n\n\n<p class=\"has-small-font-size\"><a rel=\"noreferrer noopener\" href=\"https:\/\/cbhbaixoparanaiba.meioambiente.go.gov.br\/wp-content\/uploads\/2022\/03\/2_ATA-SEGUNDA-REUNIAO-CBH.pdf\" data-type=\"URL\" data-id=\"https:\/\/cbhbaixoparanaiba.meioambiente.go.gov.br\/wp-content\/uploads\/2022\/03\/2_ATA-SEGUNDA-REUNIAO-CBH.pdf\" target=\"_blank\"><strong>ATA &#8211; 2\u00aa REUNI\u00c3O ORDIN\u00c1RIA DO CBH <\/strong>&#8211; Discutir preenchimento de vagas em aberto do Comit\u00ea; Resultado do 10 Semin\u00e1rio de Integra\u00e7\u00e3o dos Comit\u00eas de Bacia do Paranaiba, realizado em Uberl\u00e2ndia-MG.; Capacita\u00e7\u00e3o para Gest\u00e3o do CBH \u2014 SECIMA; Aprecia\u00e7\u00e3o do Regimento Interno; Publicidade (spots); Cria\u00e7\u00e3o do slogan\/logomarca do CBH \u2014 Afluentes Goianos do Baixo Parana\u00edba; Cria\u00e7\u00e3o de e-mail e site; Calend\u00e1rio de reuni\u00f5es 2015 (defini\u00e7\u00e3o de locais e datas); Propostas de atividades para o exercicio de 2015 \u2014 Plano de Metas; Realiza\u00e7\u00e3o do ENCOB 2015.&nbsp;<\/a><\/p>\n\n\n\n<p class=\"has-small-font-size\"><a rel=\"noreferrer noopener\" href=\"https:\/\/cbhbaixoparanaiba.meioambiente.go.gov.br\/wp-content\/uploads\/2022\/03\/1_ATA-PRIMEIRA-REUNIAO-CBH.pdf\" data-type=\"URL\" data-id=\"https:\/\/cbhbaixoparanaiba.meioambiente.go.gov.br\/wp-content\/uploads\/2022\/03\/1_ATA-PRIMEIRA-REUNIAO-CBH.pdf\" target=\"_blank\"><strong>ATA &#8211; 1\u00aa REUNI\u00c3O ORDIN\u00c1RIA DO CBH<\/strong> &#8211; na\u00e7ao do F\u00f3rum Goiano de Comit\u00eas de Bacias Hidrogr\u00e1ficas; Produ\u00e7\u00e3o de Spots; Semin\u00e1rio de Integra\u00e7\u00e3o dos Comit\u00eas de Bacia do Parana\u00edba, na cidade de Uberl\u00e2ndia-MG.; Calend\u00e1rio de Reuni\u00f5es Ordin\u00e1rias de 2015; Propostas de Atividades para 2015; Realiza\u00e7\u00e3o do ENCOB 2015, em Goi\u00e1s.<\/a><\/p>\n<\/div><\/details><\/div>\n<\/div><\/details><\/div>\n\n\n\n<div class=\"wp-block-atomic-blocks-ab-accordion ab-block-accordion ab-font-size-20\"><details><summary class=\"ab-accordion-title\">Extraordin\u00e1rias<\/summary><div class=\"ab-accordion-text\">\n<div class=\"wp-block-atomic-blocks-ab-accordion ab-block-accordion\"><details><summary class=\"ab-accordion-title\">2025<\/summary><div class=\"ab-accordion-text\">\n<p class=\"has-small-font-size\"><a href=\"https:\/\/cbhbaixoparanaiba.meioambiente.go.gov.br\/wp-content\/uploads\/2026\/01\/ATA-da-Reuniao-Conjunta-11a-Reuniao-Extraordinaria-do-CBH-Baixo-Paranaiba.pdf\" data-type=\"link\" data-id=\"https:\/\/cbhbaixoparanaiba.meioambiente.go.gov.br\/wp-content\/uploads\/2026\/01\/ATA-da-Reuniao-Conjunta-11a-Reuniao-Extraordinaria-do-CBH-Baixo-Paranaiba.pdf\"><strong>ATA &#8211; 11\u00aa REUNI\u00c3O EXTRAORDIN\u00c1RIA DO CBH<\/strong> &#8211; Apresenta\u00e7\u00e3o das etapas, envolvimento e participa\u00e7\u00e3o dos comit\u00eas goianos no processo de atualiza\u00e7\u00e3o do plano integrado de recursos h\u00eddricos do Parana\u00edba. O Sr. Fl\u00e1vio Roque<\/a><\/p>\n\n\n\n<p class=\"has-small-font-size\"><a href=\"https:\/\/cbhbaixoparanaiba.meioambiente.go.gov.br\/wp-content\/uploads\/2026\/01\/ATA-DA-10a-REUNIAO-EXTRAORDINARIA-CBH-BAIXO-PARANAIBA.pdf\" data-type=\"link\" data-id=\"https:\/\/cbhbaixoparanaiba.meioambiente.go.gov.br\/wp-content\/uploads\/2026\/01\/ATA-DA-10a-REUNIAO-EXTRAORDINARIA-CBH-BAIXO-PARANAIBA.pdf\"><strong>ATA &#8211; 10\u00aa REUNI\u00c3O EXTRAORDIN\u00c1RIA DO CBH<\/strong> &#8211; Apresenta\u00e7\u00e3o e discuss\u00e3o das Alternativas de Enquadramento e Plano de A\u00e7\u00e3o do Plano Integrado de Recursos H\u00eddricos da Bacia Hidrogr\u00e1fica do Rio Parana\u00edba (PIRH Parana\u00edba) &#8211; Cons\u00f3rcio Engecorps-Profill<\/a><\/p>\n\n\n\n<p class=\"has-small-font-size\"><\/p>\n\n\n\n<p class=\"has-small-font-size\"><\/p>\n<\/div><\/details><\/div>\n\n\n\n<div class=\"wp-block-atomic-blocks-ab-accordion ab-block-accordion\"><details><summary class=\"ab-accordion-title\">2024<\/summary><div class=\"ab-accordion-text\">\n<p class=\"has-small-font-size\"><a href=\"https:\/\/cbhbaixoparanaiba.meioambiente.go.gov.br\/wp-content\/uploads\/2024\/12\/ATA-8a-REUNIAO-EXTRAORDINARIA-CBH-BAIXO-P.pdf\" data-type=\"link\" data-id=\"https:\/\/cbhbaixoparanaiba.meioambiente.go.gov.br\/wp-content\/uploads\/2024\/12\/ATA-8a-REUNIAO-EXTRAORDINARIA-CBH-BAIXO-P.pdf\"><strong>ATA &#8211; 8\u00aa REUNI\u00c3O EXTRAORDIN\u00c1RIA DO CBH<\/strong> &#8211; Oficina de Prioriza\u00e7\u00e3o de A\u00e7\u00f5es para a Bacia dos Afluentes Goianos do Baixo Parana\u00edba.<\/a><\/p>\n\n\n\n<p class=\"has-small-font-size\"><\/p>\n\n\n\n<p class=\"has-small-font-size\"><\/p>\n\n\n\n<p class=\"has-small-font-size\"><\/p>\n\n\n\n<p class=\"has-small-font-size\"><\/p>\n<\/div><\/details><\/div>\n\n\n\n<div class=\"wp-block-atomic-blocks-ab-accordion ab-block-accordion\"><details><summary class=\"ab-accordion-title\">2023<\/summary><div class=\"ab-accordion-text\">\n<p class=\"has-small-font-size\"><a href=\"https:\/\/cbhbaixoparanaiba.meioambiente.go.gov.br\/wp-content\/uploads\/2024\/10\/ATA-da-7a-RE-baixo-paranaiba.pdf\" data-type=\"link\" data-id=\"https:\/\/cbhbaixoparanaiba.meioambiente.go.gov.br\/wp-content\/uploads\/2024\/10\/ATA-da-7a-RE-baixo-paranaiba.pdf\"><strong>ATA &#8211; 7\u00aa REUNI\u00c3O EXTRAORDIN\u00c1RIA DO CBH <\/strong>-Apresenta\u00e7\u00e3o do Subsecret\u00e1rio de Biodiversidade, Unidades de Conserva\u00e7\u00e3o,<br>14 Seguran\u00e7a H\u00eddrica e Saneamento &#8211; Jorge Enoch Furquim Werneck Lima. Apresenta\u00e7\u00e3o, aprecia\u00e7\u00e3o e aprova\u00e7\u00e3o da minuta de Delibera\u00e7\u00e3o sobre Normas e Procedimentos para a escolha e indica\u00e7\u00e3o dos membros do Comit\u00ea da Bacia Hidrogr\u00e1fica do Baixo Parana\u00edba para a gest\u00e3o 2023-2027. Apresenta\u00e7\u00e3o do Decreto da cobran\u00e7a &#8211; Jo\u00e3o Ricardo Raiser \u2013 SEMAD.<\/a><\/p>\n\n\n\n<p class=\"has-small-font-size\"><\/p>\n\n\n\n<p class=\"has-small-font-size\"><\/p>\n\n\n\n<p class=\"has-small-font-size\"><\/p>\n<\/div><\/details><\/div>\n\n\n\n<div class=\"wp-block-atomic-blocks-ab-accordion ab-block-accordion\"><details><summary class=\"ab-accordion-title\">2022<\/summary><div class=\"ab-accordion-text\">\n<p class=\"has-small-font-size\"><a rel=\"noreferrer noopener\" href=\"https:\/\/cbhbaixoparanaiba.meioambiente.go.gov.br\/wp-content\/uploads\/2022\/05\/ATA-6-Reuniao-Extraordinaria-CBH-Baixo-Paranaiba.pdf\" data-type=\"URL\" data-id=\"https:\/\/cbhbaixoparanaiba.meioambiente.go.gov.br\/wp-content\/uploads\/2022\/05\/ATA-6-Reuniao-Extraordinaria-CBH-Baixo-Paranaiba.pdf\" target=\"_blank\"><strong>ATA &#8211; 6\u00aa REUNI\u00c3O EXTRAORDIN\u00c1RIA DO CBH <\/strong>&#8211; Abertura da sess\u00e3o e verifica\u00e7\u00e3o de qu\u00f3rum; Aprova\u00e7\u00e3o da Ata da 30\u00aa Reuni\u00e3o Ordin\u00e1ria; Apresenta\u00e7\u00e3o dos Produtos 7 e 8;<\/a><\/p>\n<\/div><\/details><\/div>\n\n\n\n<div class=\"wp-block-atomic-blocks-ab-accordion ab-block-accordion\"><details><summary class=\"ab-accordion-title\">2021<\/summary><div class=\"ab-accordion-text\">\n<p class=\"has-small-font-size\"><a rel=\"noreferrer noopener\" href=\"https:\/\/cbhbaixoparanaiba.meioambiente.go.gov.br\/wp-content\/uploads\/2022\/03\/Ata-da-5a-Reuniao-Extraordinaria.pdf\" data-type=\"URL\" data-id=\"https:\/\/cbhbaixoparanaiba.meioambiente.go.gov.br\/wp-content\/uploads\/2022\/03\/Ata-da-5a-Reuniao-Extraordinaria.pdf\" target=\"_blank\"><strong>ATA &#8211; 5\u00aa REUNI\u00c3O EXTRAORDIN\u00c1RIA DO CBH <\/strong>&#8211; Abertura da sess\u00e3o e verifica\u00e7\u00e3o de qu\u00f3rum; Apresenta\u00e7\u00e3o da Consolida\u00e7\u00e3o do Plano de Bacia (Produto 6) pela empresa contratada (FUNAPE\/UFG); Delibera\u00e7\u00e3o do CBH sobre a aprova\u00e7\u00e3o do Plano de Bacia; Delibera\u00e7\u00e3o do CBH sobre a aprova\u00e7\u00e3o da proposta de enquadramento para posterior encaminhamento ao Conselho<br>Estadual de Recursos H\u00eddricos;<\/a><\/p>\n\n\n\n<p class=\"has-small-font-size\"><a rel=\"noreferrer noopener\" href=\"https:\/\/cbhbaixoparanaiba.meioambiente.go.gov.br\/wp-content\/uploads\/2022\/03\/Ata-da-4a-Reuniao-Extraordinaria.pdf\" data-type=\"URL\" data-id=\"https:\/\/cbhbaixoparanaiba.meioambiente.go.gov.br\/wp-content\/uploads\/2022\/03\/Ata-da-4a-Reuniao-Extraordinaria.pdf\" target=\"_blank\"><strong>ATA &#8211; 4\u00aa REUNI\u00c3O EXTRAORDIN\u00c1RIA DO CBH <\/strong>&#8211; Abertura da sess\u00e3o e verifica\u00e7\u00e3o de qu\u00f3rum; Aprova\u00e7\u00e3o da Ata da 3a Reuni\u00e3o Extraordin\u00e1ria do CBH Baixo Parana\u00edba; Apresenta\u00e7\u00e3o da nova Secretaria Executiva; Delibera\u00e7\u00e3o do GT Cobran\u00e7a; Apresenta\u00e7\u00e3o sobre a situa\u00e7\u00e3o Ambiental e h\u00eddrica da Bacia Hidrogr\u00e1fica do Ribeir\u00e3o das pedras; Trabalhos desenvolvidos pelo GT Educa\u00e7\u00e3o Ambiental;<\/a><\/p>\n\n\n\n<p class=\"has-small-font-size\"><a rel=\"noreferrer noopener\" href=\"https:\/\/cbhbaixoparanaiba.meioambiente.go.gov.br\/wp-content\/uploads\/2022\/03\/Ata-da-3a-Reuniao-Extraordinaria.pdf\" data-type=\"URL\" data-id=\"https:\/\/cbhbaixoparanaiba.meioambiente.go.gov.br\/wp-content\/uploads\/2022\/03\/Ata-da-3a-Reuniao-Extraordinaria.pdf\" target=\"_blank\"><strong>ATA &#8211; 3\u00aa REUNI\u00c3O EXTRAORDIN\u00c1RIA DO CBH <\/strong>&#8211; Abertura da sess\u00e3o e verifica\u00e7\u00e3o de qu\u00f3rum; Aprova\u00e7\u00e3o da Ata da 2\u00aa Reuni\u00e3o Extraordin\u00e1ria do CBH Baixo Parana\u00edba; Apresenta\u00e7\u00e3o do Produto 5 Proposta de enquadramento e programa de efetiva\u00e7\u00e3o.<\/a><\/p>\n\n\n\n<p class=\"has-small-font-size\"><a rel=\"noreferrer noopener\" href=\"https:\/\/cbhbaixoparanaiba.meioambiente.go.gov.br\/wp-content\/uploads\/2022\/03\/Ata-da-2a-Reuniao-Extraordinaria.pdf\" data-type=\"URL\" data-id=\"https:\/\/cbhbaixoparanaiba.meioambiente.go.gov.br\/wp-content\/uploads\/2022\/03\/Ata-da-2a-Reuniao-Extraordinaria.pdf\" target=\"_blank\"><strong>ATA &#8211; 2\u00aa REUNI\u00c3O EXTRAORDIN\u00c1RIA DO CBH <\/strong>&#8211; Abertura da sess\u00e3o e verifica\u00e7\u00e3o de qu\u00f3rum; Aprova\u00e7\u00e3o da Ata da 29\u00aa Reuni\u00e3o Ordin\u00e1ria do CBH Baixo Parana\u00edba;&nbsp; Aprecia\u00e7\u00e3o e Aprova\u00e7\u00e3o da Mo\u00e7\u00e3o 001\/2021;&nbsp; Discuss\u00e3o sobre a elabora\u00e7\u00e3o do novo Plano Nacional de Recursos H\u00eddricos.<\/a><\/p>\n\n\n\n<p class=\"has-small-font-size\"><a rel=\"noreferrer noopener\" href=\"https:\/\/cbhbaixoparanaiba.meioambiente.go.gov.br\/wp-content\/uploads\/2022\/03\/Ata-da-1a-Reuniao-Extraordinaria.pdf\" data-type=\"URL\" data-id=\"https:\/\/cbhbaixoparanaiba.meioambiente.go.gov.br\/wp-content\/uploads\/2022\/03\/Ata-da-1a-Reuniao-Extraordinaria.pdf\" target=\"_blank\"><strong>ATA &#8211; 1\u00aa REUNI\u00c3O EXTRAORDIN\u00c1RIA DO CBH <\/strong>&#8211; Apresenta\u00e7\u00e3o do (Produto 4: Programas, Diretrizes e Metas &#8211; Atualiza\u00e7\u00e3o do Plano de A\u00e7\u00f5es da UPGRH dos Afluentes Goianos do Baixo Parana\u00edba);<\/a><\/p>\n<\/div><\/details><\/div>\n<\/div><\/details><\/div>\n\n\n\n<p><\/p>\n","protected":false},"excerpt":{"rendered":"","protected":false},"author":2,"featured_media":0,"parent":0,"menu_order":0,"comment_status":"closed","ping_status":"closed","template":"general-template.php","meta":{"footnotes":""},"class_list":["post-56","page","type-page","status-publish","hentry"],"featured_image_src":null,"featured_image_src_square":null,"jetpack_sharing_enabled":true,"_links":{"self":[{"href":"https:\/\/cbhbaixoparanaiba.meioambiente.go.gov.br\/index.php?rest_route=\/wp\/v2\/pages\/56","targetHints":{"allow":["GET"]}}],"collection":[{"href":"https:\/\/cbhbaixoparanaiba.meioambiente.go.gov.br\/index.php?rest_route=\/wp\/v2\/pages"}],"about":[{"href":"https:\/\/cbhbaixoparanaiba.meioambiente.go.gov.br\/index.php?rest_route=\/wp\/v2\/types\/page"}],"author":[{"embeddable":true,"href":"https:\/\/cbhbaixoparanaiba.meioambiente.go.gov.br\/index.php?rest_route=\/wp\/v2\/users\/2"}],"replies":[{"embeddable":true,"href":"https:\/\/cbhbaixoparanaiba.meioambiente.go.gov.br\/index.php?rest_route=%2Fwp%2Fv2%2Fcomments&post=56"}],"version-history":[{"count":57,"href":"https:\/\/cbhbaixoparanaiba.meioambiente.go.gov.br\/index.php?rest_route=\/wp\/v2\/pages\/56\/revisions"}],"predecessor-version":[{"id":1126,"href":"https:\/\/cbhbaixoparanaiba.meioambiente.go.gov.br\/index.php?rest_route=\/wp\/v2\/pages\/56\/revisions\/1126"}],"wp:attachment":[{"href":"https:\/\/cbhbaixoparanaiba.meioambiente.go.gov.br\/index.php?rest_route=%2Fwp%2Fv2%2Fmedia&parent=56"}],"curies":[{"name":"wp","href":"https:\/\/api.w.org\/{rel}","templated":true}]}}